{"id":1116,"date":"2016-03-19T11:56:46","date_gmt":"2016-03-19T10:56:46","guid":{"rendered":"http:\/\/www.infopoint.cz\/polsko\/?page_id=1116"},"modified":"2016-03-22T13:13:06","modified_gmt":"2016-03-22T12:13:06","slug":"rok-2016","status":"publish","type":"page","link":"https:\/\/www.infopoint.cz\/polsko\/fotogalerie\/rok-2016\/","title":{"rendered":"Rok 2016"},"content":{"rendered":"<p>\t<div class=\"ngg-albumoverview default-view\">\n\t\t\t\t\t<div class=\"ngg-album-compact\">\n\t\t\t\t<div class=\"ngg-album-compactbox\">\n\t\t\t\t\t<div class=\"ngg-album-link\">\n\t\t\t\t\t\t\t\t\t\t\t\t\t\t\t\t\t\t\t\t\t<a title='R\u00fd\u017eov\u00e9 terasy v \u010c\u00edn\u011b a v\u00fdstava Po\u010d\u00e1tky' href='https:\/\/www.infopoint.cz\/polsko\/fotogalerie\/rok-2016\/nggallery\/2016\/ryzove-terasy-v-cine-a-vystava-pocatky'>\n\t\t\t\t\t\t\t\t\t<img class=\"Thumb\"\n\t\t\t\t\t\t\t\t\t\talt=\"R\u00fd\u017eov\u00e9 terasy v \u010c\u00edn\u011b a v\u00fdstava Po\u010d\u00e1tky\"\n\t\t\t\t\t\t\t\t\t\tsrc=\"https:\/\/www.infopoint.cz\/polsko\/wp-content\/uploads\/sites\/22\/nggallery\/ryzove-terasy-v-cine-a-vystava-pocatky\/cache\/IMG_0281.jpg-nggid0278-ngg0dyn-91x68-00f0w010c011r110f110r010t010.jpg\"\/>\n\t\t\t\t\t\t\t\t<\/a>\n\t\t\t\t\t\t\t\t\t\t\t\t\t\t\t\t\t\t<\/div>\n\t\t\t\t<\/div>\n\t\t\t\t\t\t\t\t<h4>\n\t\t\t\t\t<a class='ngg-album-desc'\n\t\t\t\t\ttitle='R\u00fd\u017eov\u00e9 terasy v \u010c\u00edn\u011b a v\u00fdstava Po\u010d\u00e1tky' href='https:\/\/www.infopoint.cz\/polsko\/fotogalerie\/rok-2016\/nggallery\/2016\/ryzove-terasy-v-cine-a-vystava-pocatky'style=\"max-width: 111px\"\t\t\t\t\t>\n\t\t\t\t\t\tR\u00fd\u017eov\u00e9 terasy v \u010c\u00edn\u011b a v\u00fdstava Po\u010d\u00e1tky\t\t\t\t\t<\/a>\n\t\t\t\t<\/h4>\n\t\t\t\t<p class=\"ngg-album-gallery-image-counter\">\n\t\t\t\t\t\t\t\t\t\t\t<strong>39<\/strong>&nbsp;Fotky\t\t\t\t\t\t\t\t\t<\/p>\n\t\t\t<\/div>\n\t\t\t\t\t<div class=\"ngg-album-compact\">\n\t\t\t\t<div class=\"ngg-album-compactbox\">\n\t\t\t\t\t<div class=\"ngg-album-link\">\n\t\t\t\t\t\t\t\t\t\t\t\t\t\t\t\t\t\t\t\t\t<a title='Pozn\u00e1vac\u00ed proch\u00e1zka a do Zachety' href='https:\/\/www.infopoint.cz\/polsko\/fotogalerie\/rok-2016\/nggallery\/2016\/poznavaci-prochazka-a-do-zachety'>\n\t\t\t\t\t\t\t\t\t<img class=\"Thumb\"\n\t\t\t\t\t\t\t\t\t\talt=\"Pozn\u00e1vac\u00ed proch\u00e1zka a do Zachety\"\n\t\t\t\t\t\t\t\t\t\tsrc=\"https:\/\/www.infopoint.cz\/polsko\/wp-content\/uploads\/sites\/22\/nggallery\/poznavaci-prochazka-a-do-zachety\/cache\/m001.jpg-nggid03117-ngg0dyn-91x68-00f0w010c011r110f110r010t010.jpg\"\/>\n\t\t\t\t\t\t\t\t<\/a>\n\t\t\t\t\t\t\t\t\t\t\t\t\t\t\t\t\t\t<\/div>\n\t\t\t\t<\/div>\n\t\t\t\t\t\t\t\t<h4>\n\t\t\t\t\t<a class='ngg-album-desc'\n\t\t\t\t\ttitle='Pozn\u00e1vac\u00ed proch\u00e1zka a do Zachety' href='https:\/\/www.infopoint.cz\/polsko\/fotogalerie\/rok-2016\/nggallery\/2016\/poznavaci-prochazka-a-do-zachety'style=\"max-width: 111px\"\t\t\t\t\t>\n\t\t\t\t\t\tPozn\u00e1vac\u00ed proch\u00e1zka a do Zachety\t\t\t\t\t<\/a>\n\t\t\t\t<\/h4>\n\t\t\t\t<p class=\"ngg-album-gallery-image-counter\">\n\t\t\t\t\t\t\t\t\t\t\t<strong>19<\/strong>&nbsp;Fotky\t\t\t\t\t\t\t\t\t<\/p>\n\t\t\t<\/div>\n\t\t\t\t\t<div class=\"ngg-album-compact\">\n\t\t\t\t<div class=\"ngg-album-compactbox\">\n\t\t\t\t\t<div class=\"ngg-album-link\">\n\t\t\t\t\t\t\t\t\t\t\t\t\t\t\t\t\t\t\t\t\t<a title='Fotografie a v\u010dely' href='https:\/\/www.infopoint.cz\/polsko\/fotogalerie\/rok-2016\/nggallery\/2016\/fotografie-a-vcely'>\n\t\t\t\t\t\t\t\t\t<img class=\"Thumb\"\n\t\t\t\t\t\t\t\t\t\talt=\"Fotografie a v\u010dely\"\n\t\t\t\t\t\t\t\t\t\tsrc=\"https:\/\/www.infopoint.cz\/polsko\/wp-content\/uploads\/sites\/22\/nggallery\/fotografie-a-vcely\/cache\/m001.jpg-nggid03136-ngg0dyn-91x68-00f0w010c011r110f110r010t010.jpg\"\/>\n\t\t\t\t\t\t\t\t<\/a>\n\t\t\t\t\t\t\t\t\t\t\t\t\t\t\t\t\t\t<\/div>\n\t\t\t\t<\/div>\n\t\t\t\t\t\t\t\t<h4>\n\t\t\t\t\t<a class='ngg-album-desc'\n\t\t\t\t\ttitle='Fotografie a v\u010dely' href='https:\/\/www.infopoint.cz\/polsko\/fotogalerie\/rok-2016\/nggallery\/2016\/fotografie-a-vcely'style=\"max-width: 111px\"\t\t\t\t\t>\n\t\t\t\t\t\tFotografie a v\u010dely\t\t\t\t\t<\/a>\n\t\t\t\t<\/h4>\n\t\t\t\t<p class=\"ngg-album-gallery-image-counter\">\n\t\t\t\t\t\t\t\t\t\t\t<strong>18<\/strong>&nbsp;Fotky\t\t\t\t\t\t\t\t\t<\/p>\n\t\t\t<\/div>\n\t\t\t\t\t<div class=\"ngg-album-compact\">\n\t\t\t\t<div class=\"ngg-album-compactbox\">\n\t\t\t\t\t<div class=\"ngg-album-link\">\n\t\t\t\t\t\t\t\t\t\t\t\t\t\t\t\t\t\t\t\t\t<a title='Centra Sztuki Wspo\u0142' href='https:\/\/www.infopoint.cz\/polsko\/fotogalerie\/rok-2016\/nggallery\/2016\/centra-sztuki-wspol'>\n\t\t\t\t\t\t\t\t\t<img class=\"Thumb\"\n\t\t\t\t\t\t\t\t\t\talt=\"Centra Sztuki Wspo\u0142\"\n\t\t\t\t\t\t\t\t\t\tsrc=\"https:\/\/www.infopoint.cz\/polsko\/wp-content\/uploads\/sites\/22\/nggallery\/centra-sztuki-wspol\/cache\/m001.jpg-nggid03154-ngg0dyn-91x68-00f0w010c011r110f110r010t010.jpg\"\/>\n\t\t\t\t\t\t\t\t<\/a>\n\t\t\t\t\t\t\t\t\t\t\t\t\t\t\t\t\t\t<\/div>\n\t\t\t\t<\/div>\n\t\t\t\t\t\t\t\t<h4>\n\t\t\t\t\t<a class='ngg-album-desc'\n\t\t\t\t\ttitle='Centra Sztuki Wspo\u0142' href='https:\/\/www.infopoint.cz\/polsko\/fotogalerie\/rok-2016\/nggallery\/2016\/centra-sztuki-wspol'style=\"max-width: 111px\"\t\t\t\t\t>\n\t\t\t\t\t\tCentra Sztuki Wspo\u0142\t\t\t\t\t<\/a>\n\t\t\t\t<\/h4>\n\t\t\t\t<p class=\"ngg-album-gallery-image-counter\">\n\t\t\t\t\t\t\t\t\t\t\t<strong>33<\/strong>&nbsp;Fotky\t\t\t\t\t\t\t\t\t<\/p>\n\t\t\t<\/div>\n\t\t\t\t\t<div class=\"ngg-album-compact\">\n\t\t\t\t<div class=\"ngg-album-compactbox\">\n\t\t\t\t\t<div class=\"ngg-album-link\">\n\t\t\t\t\t\t\t\t\t\t\t\t\t\t\t\t\t\t\t\t\t<a title='Laponsko a Lubo\u0161 Drtina' href='https:\/\/www.infopoint.cz\/polsko\/fotogalerie\/rok-2016\/nggallery\/2016\/laponsko-a-lubos-drtina'>\n\t\t\t\t\t\t\t\t\t<img class=\"Thumb\"\n\t\t\t\t\t\t\t\t\t\talt=\"Laponsko a Lubo\u0161 Drtina\"\n\t\t\t\t\t\t\t\t\t\tsrc=\"https:\/\/www.infopoint.cz\/polsko\/wp-content\/uploads\/sites\/22\/nggallery\/laponsko-a-lubos-drtina\/cache\/m001.jpg-nggid03188-ngg0dyn-91x68-00f0w010c011r110f110r010t010.jpg\"\/>\n\t\t\t\t\t\t\t\t<\/a>\n\t\t\t\t\t\t\t\t\t\t\t\t\t\t\t\t\t\t<\/div>\n\t\t\t\t<\/div>\n\t\t\t\t\t\t\t\t<h4>\n\t\t\t\t\t<a class='ngg-album-desc'\n\t\t\t\t\ttitle='Laponsko a Lubo\u0161 Drtina' href='https:\/\/www.infopoint.cz\/polsko\/fotogalerie\/rok-2016\/nggallery\/2016\/laponsko-a-lubos-drtina'style=\"max-width: 111px\"\t\t\t\t\t>\n\t\t\t\t\t\tLaponsko a Lubo\u0161 Drtina\t\t\t\t\t<\/a>\n\t\t\t\t<\/h4>\n\t\t\t\t<p class=\"ngg-album-gallery-image-counter\">\n\t\t\t\t\t\t\t\t\t\t\t<strong>22<\/strong>&nbsp;Fotky\t\t\t\t\t\t\t\t\t<\/p>\n\t\t\t<\/div>\n\t\t\t\t\t<div class=\"ngg-album-compact\">\n\t\t\t\t<div class=\"ngg-album-compactbox\">\n\t\t\t\t\t<div class=\"ngg-album-link\">\n\t\t\t\t\t\t\t\t\t\t\t\t\t\t\t\t\t\t\t\t\t<a title='Na nowo i Dziurka od Klucza' href='https:\/\/www.infopoint.cz\/polsko\/fotogalerie\/rok-2016\/nggallery\/2016\/na-nowo-i-dziurka-od-klucza'>\n\t\t\t\t\t\t\t\t\t<img class=\"Thumb\"\n\t\t\t\t\t\t\t\t\t\talt=\"Na nowo i Dziurka od Klucza\"\n\t\t\t\t\t\t\t\t\t\tsrc=\"https:\/\/www.infopoint.cz\/polsko\/wp-content\/uploads\/sites\/22\/nggallery\/na-nowo-i-dziurka-od-klucza\/cache\/m001.jpg-nggid03210-ngg0dyn-91x68-00f0w010c011r110f110r010t010.jpg\"\/>\n\t\t\t\t\t\t\t\t<\/a>\n\t\t\t\t\t\t\t\t\t\t\t\t\t\t\t\t\t\t<\/div>\n\t\t\t\t<\/div>\n\t\t\t\t\t\t\t\t<h4>\n\t\t\t\t\t<a class='ngg-album-desc'\n\t\t\t\t\ttitle='Na nowo i Dziurka od Klucza' href='https:\/\/www.infopoint.cz\/polsko\/fotogalerie\/rok-2016\/nggallery\/2016\/na-nowo-i-dziurka-od-klucza'style=\"max-width: 111px\"\t\t\t\t\t>\n\t\t\t\t\t\tNa nowo i Dziurka od Klucza\t\t\t\t\t<\/a>\n\t\t\t\t<\/h4>\n\t\t\t\t<p class=\"ngg-album-gallery-image-counter\">\n\t\t\t\t\t\t\t\t\t\t\t<strong>11<\/strong>&nbsp;Fotky\t\t\t\t\t\t\t\t\t<\/p>\n\t\t\t<\/div>\n\t\t\t\t\t<div class=\"ngg-album-compact\">\n\t\t\t\t<div class=\"ngg-album-compactbox\">\n\t\t\t\t\t<div class=\"ngg-album-link\">\n\t\t\t\t\t\t\t\t\t\t\t\t\t\t\t\t\t\t\t\t\t<a title='Jarn\u00ed proj\u00ed\u017eka a Muzeum modern\u00edho um\u011bn\u00ed' href='https:\/\/www.infopoint.cz\/polsko\/fotogalerie\/rok-2016\/nggallery\/2016\/jarni-projizka-a-muzeum-moderniho-umeni'>\n\t\t\t\t\t\t\t\t\t<img class=\"Thumb\"\n\t\t\t\t\t\t\t\t\t\talt=\"Jarn\u00ed proj\u00ed\u017eka a Muzeum modern\u00edho um\u011bn\u00ed\"\n\t\t\t\t\t\t\t\t\t\tsrc=\"https:\/\/www.infopoint.cz\/polsko\/wp-content\/uploads\/sites\/22\/nggallery\/jarni-projizka-a-muzeum-moderniho-umeni\/cache\/m001.jpg-nggid03221-ngg0dyn-91x68-00f0w010c011r110f110r010t010.jpg\"\/>\n\t\t\t\t\t\t\t\t<\/a>\n\t\t\t\t\t\t\t\t\t\t\t\t\t\t\t\t\t\t<\/div>\n\t\t\t\t<\/div>\n\t\t\t\t\t\t\t\t<h4>\n\t\t\t\t\t<a class='ngg-album-desc'\n\t\t\t\t\ttitle='Jarn\u00ed proj\u00ed\u017eka a Muzeum modern\u00edho um\u011bn\u00ed' href='https:\/\/www.infopoint.cz\/polsko\/fotogalerie\/rok-2016\/nggallery\/2016\/jarni-projizka-a-muzeum-moderniho-umeni'style=\"max-width: 111px\"\t\t\t\t\t>\n\t\t\t\t\t\tJarn\u00ed proj\u00ed\u017eka a Muzeum modern\u00edho um\u011bn\u00ed\t\t\t\t\t<\/a>\n\t\t\t\t<\/h4>\n\t\t\t\t<p class=\"ngg-album-gallery-image-counter\">\n\t\t\t\t\t\t\t\t\t\t\t<strong>17<\/strong>&nbsp;Fotky\t\t\t\t\t\t\t\t\t<\/p>\n\t\t\t<\/div>\n\t\t\t\t\t<div class=\"ngg-album-compact\">\n\t\t\t\t<div class=\"ngg-album-compactbox\">\n\t\t\t\t\t<div class=\"ngg-album-link\">\n\t\t\t\t\t\t\t\t\t\t\t\t\t\t\t\t\t\t\t\t\t<a title='Z\u00e1mek a park Wilanow' href='https:\/\/www.infopoint.cz\/polsko\/fotogalerie\/rok-2016\/nggallery\/2016\/zamek-a-park-wilanow'>\n\t\t\t\t\t\t\t\t\t<img class=\"Thumb\"\n\t\t\t\t\t\t\t\t\t\talt=\"Z\u00e1mek a park Wilanow\"\n\t\t\t\t\t\t\t\t\t\tsrc=\"https:\/\/www.infopoint.cz\/polsko\/wp-content\/uploads\/sites\/22\/nggallery\/zamek-a-park-wilanow\/cache\/m010.png-nggid03238-ngg0dyn-91x68-00f0w010c011r110f110r010t010.png\"\/>\n\t\t\t\t\t\t\t\t<\/a>\n\t\t\t\t\t\t\t\t\t\t\t\t\t\t\t\t\t\t<\/div>\n\t\t\t\t<\/div>\n\t\t\t\t\t\t\t\t<h4>\n\t\t\t\t\t<a class='ngg-album-desc'\n\t\t\t\t\ttitle='Z\u00e1mek a park Wilanow' href='https:\/\/www.infopoint.cz\/polsko\/fotogalerie\/rok-2016\/nggallery\/2016\/zamek-a-park-wilanow'style=\"max-width: 111px\"\t\t\t\t\t>\n\t\t\t\t\t\tZ\u00e1mek a park Wilanow\t\t\t\t\t<\/a>\n\t\t\t\t<\/h4>\n\t\t\t\t<p class=\"ngg-album-gallery-image-counter\">\n\t\t\t\t\t\t\t\t\t\t\t<strong>21<\/strong>&nbsp;Fotky\t\t\t\t\t\t\t\t\t<\/p>\n\t\t\t<\/div>\n\t\t\t\t\t<div class=\"ngg-album-compact\">\n\t\t\t\t<div class=\"ngg-album-compactbox\">\n\t\t\t\t\t<div class=\"ngg-album-link\">\n\t\t\t\t\t\t\t\t\t\t\t\t\t\t\t\t\t\t\t\t\t<a title='Park \u0141azienki Kr\u00f3lewskie a Angelika Markul' href='https:\/\/www.infopoint.cz\/polsko\/fotogalerie\/rok-2016\/nggallery\/2016\/park-lazienki-rolewskie-a-angelika-markul'>\n\t\t\t\t\t\t\t\t\t<img class=\"Thumb\"\n\t\t\t\t\t\t\t\t\t\talt=\"Park \u0141azienki Kr\u00f3lewskie a Angelika Markul\"\n\t\t\t\t\t\t\t\t\t\tsrc=\"https:\/\/www.infopoint.cz\/polsko\/wp-content\/uploads\/sites\/22\/nggallery\/park-lazienki-rolewskie-a-angelika-markul\/cache\/m010.jpg-nggid03317-ngg0dyn-91x68-00f0w010c011r110f110r010t010.jpg\"\/>\n\t\t\t\t\t\t\t\t<\/a>\n\t\t\t\t\t\t\t\t\t\t\t\t\t\t\t\t\t\t<\/div>\n\t\t\t\t<\/div>\n\t\t\t\t\t\t\t\t<h4>\n\t\t\t\t\t<a class='ngg-album-desc'\n\t\t\t\t\ttitle='Park \u0141azienki Kr\u00f3lewskie a Angelika Markul' href='https:\/\/www.infopoint.cz\/polsko\/fotogalerie\/rok-2016\/nggallery\/2016\/park-lazienki-rolewskie-a-angelika-markul'style=\"max-width: 111px\"\t\t\t\t\t>\n\t\t\t\t\t\tPark \u0141azienki Kr\u00f3lewskie a Angelika Markul\t\t\t\t\t<\/a>\n\t\t\t\t<\/h4>\n\t\t\t\t<p class=\"ngg-album-gallery-image-counter\">\n\t\t\t\t\t\t\t\t\t\t\t<strong>24<\/strong>&nbsp;Fotky\t\t\t\t\t\t\t\t\t<\/p>\n\t\t\t<\/div>\n\t\t\t\t\t<div class=\"ngg-album-compact\">\n\t\t\t\t<div class=\"ngg-album-compactbox\">\n\t\t\t\t\t<div class=\"ngg-album-link\">\n\t\t\t\t\t\t\t\t\t\t\t\t\t\t\t\t\t\t\t\t\t<a title='Muzeum plynu a kola' href='https:\/\/www.infopoint.cz\/polsko\/fotogalerie\/rok-2016\/nggallery\/2016\/Muzeum-plynu-a-kola'>\n\t\t\t\t\t\t\t\t\t<img class=\"Thumb\"\n\t\t\t\t\t\t\t\t\t\talt=\"Muzeum plynu a kola\"\n\t\t\t\t\t\t\t\t\t\tsrc=\"https:\/\/www.infopoint.cz\/polsko\/wp-content\/uploads\/sites\/22\/nggallery\/Muzeum-plynu-a-kola\/cache\/20160512_104717.jpg-nggid03334-ngg0dyn-91x68-00f0w010c011r110f110r010t010.jpg\"\/>\n\t\t\t\t\t\t\t\t<\/a>\n\t\t\t\t\t\t\t\t\t\t\t\t\t\t\t\t\t\t<\/div>\n\t\t\t\t<\/div>\n\t\t\t\t\t\t\t\t<h4>\n\t\t\t\t\t<a class='ngg-album-desc'\n\t\t\t\t\ttitle='Muzeum plynu a kola' href='https:\/\/www.infopoint.cz\/polsko\/fotogalerie\/rok-2016\/nggallery\/2016\/Muzeum-plynu-a-kola'style=\"max-width: 111px\"\t\t\t\t\t>\n\t\t\t\t\t\tMuzeum plynu a kola\t\t\t\t\t<\/a>\n\t\t\t\t<\/h4>\n\t\t\t\t<p class=\"ngg-album-gallery-image-counter\">\n\t\t\t\t\t\t\t\t\t\t\t<strong>59<\/strong>&nbsp;Fotky\t\t\t\t\t\t\t\t\t<\/p>\n\t\t\t<\/div>\n\t\t\t\t\t<div class=\"ngg-album-compact\">\n\t\t\t\t<div class=\"ngg-album-compactbox\">\n\t\t\t\t\t<div class=\"ngg-album-link\">\n\t\t\t\t\t\t\t\t\t\t\t\t\t\t\t\t\t\t\t\t\t<a title='Fotografie expatek, Borysowski a Zacheta' href='https:\/\/www.infopoint.cz\/polsko\/fotogalerie\/rok-2016\/nggallery\/2016\/Fotografie-expatek,-Borysowski-a-Zacheta'>\n\t\t\t\t\t\t\t\t\t<img class=\"Thumb\"\n\t\t\t\t\t\t\t\t\t\talt=\"Fotografie expatek, Borysowski a Zacheta\"\n\t\t\t\t\t\t\t\t\t\tsrc=\"https:\/\/www.infopoint.cz\/polsko\/wp-content\/uploads\/sites\/22\/nggallery\/Fotografie-expatek%2C-Borysowski-a-Zacheta\/cache\/m001.jpg-nggid03393-ngg0dyn-91x68-00f0w010c011r110f110r010t010.jpg\"\/>\n\t\t\t\t\t\t\t\t<\/a>\n\t\t\t\t\t\t\t\t\t\t\t\t\t\t\t\t\t\t<\/div>\n\t\t\t\t<\/div>\n\t\t\t\t\t\t\t\t<h4>\n\t\t\t\t\t<a class='ngg-album-desc'\n\t\t\t\t\ttitle='Fotografie expatek, Borysowski a Zacheta' href='https:\/\/www.infopoint.cz\/polsko\/fotogalerie\/rok-2016\/nggallery\/2016\/Fotografie-expatek,-Borysowski-a-Zacheta'style=\"max-width: 111px\"\t\t\t\t\t>\n\t\t\t\t\t\tFotografie expatek, Borysowski a Zacheta\t\t\t\t\t<\/a>\n\t\t\t\t<\/h4>\n\t\t\t\t<p class=\"ngg-album-gallery-image-counter\">\n\t\t\t\t\t\t\t\t\t\t\t<strong>20<\/strong>&nbsp;Fotky\t\t\t\t\t\t\t\t\t<\/p>\n\t\t\t<\/div>\n\t\t\t\t\t<div class=\"ngg-album-compact\">\n\t\t\t\t<div class=\"ngg-album-compactbox\">\n\t\t\t\t\t<div class=\"ngg-album-link\">\n\t\t\t\t\t\t\t\t\t\t\t\t\t\t\t\t\t\t\t\t\t<a title='Konstancin - Jeziorna' href='https:\/\/www.infopoint.cz\/polsko\/fotogalerie\/rok-2016\/nggallery\/2016\/Konstancin---Jeziorna'>\n\t\t\t\t\t\t\t\t\t<img class=\"Thumb\"\n\t\t\t\t\t\t\t\t\t\talt=\"Konstancin - Jeziorna\"\n\t\t\t\t\t\t\t\t\t\tsrc=\"https:\/\/www.infopoint.cz\/polsko\/wp-content\/uploads\/sites\/22\/nggallery\/Konstancin---Jeziorna\/cache\/m003.jpg-nggid03417-ngg0dyn-91x68-00f0w010c011r110f110r010t010.jpg\"\/>\n\t\t\t\t\t\t\t\t<\/a>\n\t\t\t\t\t\t\t\t\t\t\t\t\t\t\t\t\t\t<\/div>\n\t\t\t\t<\/div>\n\t\t\t\t\t\t\t\t<h4>\n\t\t\t\t\t<a class='ngg-album-desc'\n\t\t\t\t\ttitle='Konstancin - Jeziorna' href='https:\/\/www.infopoint.cz\/polsko\/fotogalerie\/rok-2016\/nggallery\/2016\/Konstancin---Jeziorna'style=\"max-width: 111px\"\t\t\t\t\t>\n\t\t\t\t\t\tKonstancin - Jeziorna\t\t\t\t\t<\/a>\n\t\t\t\t<\/h4>\n\t\t\t\t<p class=\"ngg-album-gallery-image-counter\">\n\t\t\t\t\t\t\t\t\t\t\t<strong>22<\/strong>&nbsp;Fotky\t\t\t\t\t\t\t\t\t<\/p>\n\t\t\t<\/div>\n\t\t\t\t\t<div class=\"ngg-album-compact\">\n\t\t\t\t<div class=\"ngg-album-compactbox\">\n\t\t\t\t\t<div class=\"ngg-album-link\">\n\t\t\t\t\t\t\t\t\t\t\t\t\t\t\t\t\t\t\t\t\t<a title='Mezin\u00e1rodn\u00ed den v Britsk\u00e9 \u0161kole' href='https:\/\/www.infopoint.cz\/polsko\/fotogalerie\/rok-2016\/nggallery\/2016\/Mezin\u00e1rodn\u00ed-den-v-Britsk\u00e9-\u0161kole'>\n\t\t\t\t\t\t\t\t\t<img class=\"Thumb\"\n\t\t\t\t\t\t\t\t\t\talt=\"Mezin\u00e1rodn\u00ed den v Britsk\u00e9 \u0161kole\"\n\t\t\t\t\t\t\t\t\t\tsrc=\"https:\/\/www.infopoint.cz\/polsko\/wp-content\/uploads\/sites\/22\/nggallery\/Mezin%C3%A1rodn%C3%AD-den-v-Britsk%C3%A9-%C5%A1kole\/cache\/20160604_110018_.jpg-nggid03413-ngg0dyn-91x68-00f0w010c011r110f110r010t010.jpg\"\/>\n\t\t\t\t\t\t\t\t<\/a>\n\t\t\t\t\t\t\t\t\t\t\t\t\t\t\t\t\t\t<\/div>\n\t\t\t\t<\/div>\n\t\t\t\t\t\t\t\t<h4>\n\t\t\t\t\t<a class='ngg-album-desc'\n\t\t\t\t\ttitle='Mezin\u00e1rodn\u00ed den v Britsk\u00e9 \u0161kole' href='https:\/\/www.infopoint.cz\/polsko\/fotogalerie\/rok-2016\/nggallery\/2016\/Mezin\u00e1rodn\u00ed-den-v-Britsk\u00e9-\u0161kole'style=\"max-width: 111px\"\t\t\t\t\t>\n\t\t\t\t\t\tMezin\u00e1rodn\u00ed den v Britsk\u00e9 \u0161kole\t\t\t\t\t<\/a>\n\t\t\t\t<\/h4>\n\t\t\t\t<p class=\"ngg-album-gallery-image-counter\">\n\t\t\t\t\t\t\t\t\t\t\t<strong>3<\/strong>&nbsp;Fotky\t\t\t\t\t\t\t\t\t<\/p>\n\t\t\t<\/div>\n\t\t\t\t\t<div class=\"ngg-album-compact\">\n\t\t\t\t<div class=\"ngg-album-compactbox\">\n\t\t\t\t\t<div class=\"ngg-album-link\">\n\t\t\t\t\t\t\t\t\t\t\t\t\t\t\t\t\t\t\t\t\t<a title='BioBazar' href='https:\/\/www.infopoint.cz\/polsko\/fotogalerie\/rok-2016\/nggallery\/2016\/BioBazar'>\n\t\t\t\t\t\t\t\t\t<img class=\"Thumb\"\n\t\t\t\t\t\t\t\t\t\talt=\"BioBazar\"\n\t\t\t\t\t\t\t\t\t\tsrc=\"https:\/\/www.infopoint.cz\/polsko\/wp-content\/uploads\/sites\/22\/nggallery\/BioBazar\/cache\/BioBazar-Norblin_.jpg-nggid03415-ngg0dyn-91x68-00f0w010c011r110f110r010t010.jpg\"\/>\n\t\t\t\t\t\t\t\t<\/a>\n\t\t\t\t\t\t\t\t\t\t\t\t\t\t\t\t\t\t<\/div>\n\t\t\t\t<\/div>\n\t\t\t\t\t\t\t\t<h4>\n\t\t\t\t\t<a class='ngg-album-desc'\n\t\t\t\t\ttitle='BioBazar' href='https:\/\/www.infopoint.cz\/polsko\/fotogalerie\/rok-2016\/nggallery\/2016\/BioBazar'style=\"max-width: 111px\"\t\t\t\t\t>\n\t\t\t\t\t\tBioBazar\t\t\t\t\t<\/a>\n\t\t\t\t<\/h4>\n\t\t\t\t<p class=\"ngg-album-gallery-image-counter\">\n\t\t\t\t\t\t\t\t\t\t\t<strong>1<\/strong>&nbsp;Fotky\t\t\t\t\t\t\t\t\t<\/p>\n\t\t\t<\/div>\n\t\t\t\t\t<div class=\"ngg-album-compact\">\n\t\t\t\t<div class=\"ngg-album-compactbox\">\n\t\t\t\t\t<div class=\"ngg-album-link\">\n\t\t\t\t\t\t\t\t\t\t\t\t\t\t\t\t\t\t\t\t\t<a title='Kulturn\u00ed \u010dtvrtek, tentokr\u00e1t s Paulem' href='https:\/\/www.infopoint.cz\/polsko\/fotogalerie\/rok-2016\/nggallery\/2016\/Kulturn\u00ed-\u010dtvrtek,-tentokr\u00e1t-s-Paulem'>\n\t\t\t\t\t\t\t\t\t<img class=\"Thumb\"\n\t\t\t\t\t\t\t\t\t\talt=\"Kulturn\u00ed \u010dtvrtek, tentokr\u00e1t s Paulem\"\n\t\t\t\t\t\t\t\t\t\tsrc=\"https:\/\/www.infopoint.cz\/polsko\/wp-content\/uploads\/sites\/22\/nggallery\/Kulturn%C3%AD-%C4%8Dtvrtek%2C-tentokr%C3%A1t-s-Paulem\/cache\/vstupenka_.jpg-nggid03440-ngg0dyn-91x68-00f0w010c011r110f110r010t010.jpg\"\/>\n\t\t\t\t\t\t\t\t<\/a>\n\t\t\t\t\t\t\t\t\t\t\t\t\t\t\t\t\t\t<\/div>\n\t\t\t\t<\/div>\n\t\t\t\t\t\t\t\t<h4>\n\t\t\t\t\t<a class='ngg-album-desc'\n\t\t\t\t\ttitle='Kulturn\u00ed \u010dtvrtek, tentokr\u00e1t s Paulem' href='https:\/\/www.infopoint.cz\/polsko\/fotogalerie\/rok-2016\/nggallery\/2016\/Kulturn\u00ed-\u010dtvrtek,-tentokr\u00e1t-s-Paulem'style=\"max-width: 111px\"\t\t\t\t\t>\n\t\t\t\t\t\tKulturn\u00ed \u010dtvrtek, tentokr\u00e1t s Paulem\t\t\t\t\t<\/a>\n\t\t\t\t<\/h4>\n\t\t\t\t<p class=\"ngg-album-gallery-image-counter\">\n\t\t\t\t\t\t\t\t\t\t\t<strong>6<\/strong>&nbsp;Fotky\t\t\t\t\t\t\t\t\t<\/p>\n\t\t\t<\/div>\n\t\t\t\t\t<div class=\"ngg-album-compact\">\n\t\t\t\t<div class=\"ngg-album-compactbox\">\n\t\t\t\t\t<div class=\"ngg-album-link\">\n\t\t\t\t\t\t\t\t\t\t\t\t\t\t\t\t\t\t\t\t\t<a title='Pl\u00e1\u017e a Soho Faktory' href='https:\/\/www.infopoint.cz\/polsko\/fotogalerie\/rok-2016\/nggallery\/2016\/Pl\u00e1\u017e-a-Soho-Faktory'>\n\t\t\t\t\t\t\t\t\t<img class=\"Thumb\"\n\t\t\t\t\t\t\t\t\t\talt=\"Pl\u00e1\u017e a Soho Faktory\"\n\t\t\t\t\t\t\t\t\t\tsrc=\"https:\/\/www.infopoint.cz\/polsko\/wp-content\/uploads\/sites\/22\/nggallery\/Pl%C3%A1%C5%BE-a-Soho-Faktory\/cache\/m001.jpg-nggid03446-ngg0dyn-91x68-00f0w010c011r110f110r010t010.jpg\"\/>\n\t\t\t\t\t\t\t\t<\/a>\n\t\t\t\t\t\t\t\t\t\t\t\t\t\t\t\t\t\t<\/div>\n\t\t\t\t<\/div>\n\t\t\t\t\t\t\t\t<h4>\n\t\t\t\t\t<a class='ngg-album-desc'\n\t\t\t\t\ttitle='Pl\u00e1\u017e a Soho Faktory' href='https:\/\/www.infopoint.cz\/polsko\/fotogalerie\/rok-2016\/nggallery\/2016\/Pl\u00e1\u017e-a-Soho-Faktory'style=\"max-width: 111px\"\t\t\t\t\t>\n\t\t\t\t\t\tPl\u00e1\u017e a Soho Faktory\t\t\t\t\t<\/a>\n\t\t\t\t<\/h4>\n\t\t\t\t<p class=\"ngg-album-gallery-image-counter\">\n\t\t\t\t\t\t\t\t\t\t\t<strong>11<\/strong>&nbsp;Fotky\t\t\t\t\t\t\t\t\t<\/p>\n\t\t\t<\/div>\n\t\t\t\t\t<div class=\"ngg-album-compact\">\n\t\t\t\t<div class=\"ngg-album-compactbox\">\n\t\t\t\t\t<div class=\"ngg-album-link\">\n\t\t\t\t\t\t\t\t\t\t\t\t\t\t\t\t\t\t\t\t\t<a title='Nocny market' href='https:\/\/www.infopoint.cz\/polsko\/fotogalerie\/rok-2016\/nggallery\/2016\/Nocny-market'>\n\t\t\t\t\t\t\t\t\t<img class=\"Thumb\"\n\t\t\t\t\t\t\t\t\t\talt=\"Nocny market\"\n\t\t\t\t\t\t\t\t\t\tsrc=\"https:\/\/www.infopoint.cz\/polsko\/wp-content\/uploads\/sites\/22\/nggallery\/nocny-market\/cache\/m006.jpg-nggid03463-ngg0dyn-91x68-00f0w010c011r110f110r010t010.jpg\"\/>\n\t\t\t\t\t\t\t\t<\/a>\n\t\t\t\t\t\t\t\t\t\t\t\t\t\t\t\t\t\t<\/div>\n\t\t\t\t<\/div>\n\t\t\t\t\t\t\t\t<h4>\n\t\t\t\t\t<a class='ngg-album-desc'\n\t\t\t\t\ttitle='Nocny market' href='https:\/\/www.infopoint.cz\/polsko\/fotogalerie\/rok-2016\/nggallery\/2016\/Nocny-market'style=\"max-width: 111px\"\t\t\t\t\t>\n\t\t\t\t\t\tNocny market\t\t\t\t\t<\/a>\n\t\t\t\t<\/h4>\n\t\t\t\t<p class=\"ngg-album-gallery-image-counter\">\n\t\t\t\t\t\t\t\t\t\t\t<strong>6<\/strong>&nbsp;Fotky\t\t\t\t\t\t\t\t\t<\/p>\n\t\t\t<\/div>\n\t\t\t\t\t<div class=\"ngg-album-compact\">\n\t\t\t\t<div class=\"ngg-album-compactbox\">\n\t\t\t\t\t<div class=\"ngg-album-link\">\n\t\t\t\t\t\t\t\t\t\t\t\t\t\t\t\t\t\t\t\t\t<a title='Proj\u00ed\u017eka po \u017boliborzi' href='https:\/\/www.infopoint.cz\/polsko\/fotogalerie\/rok-2016\/nggallery\/2016\/Proj\u00ed\u017eka-po-\u017boliborzi'>\n\t\t\t\t\t\t\t\t\t<img class=\"Thumb\"\n\t\t\t\t\t\t\t\t\t\talt=\"Proj\u00ed\u017eka po \u017boliborzi\"\n\t\t\t\t\t\t\t\t\t\tsrc=\"https:\/\/www.infopoint.cz\/polsko\/wp-content\/uploads\/sites\/22\/nggallery\/projizka-po-zoliborzi\/cache\/m001.jpg-nggid03469-ngg0dyn-91x68-00f0w010c011r110f110r010t010.jpg\"\/>\n\t\t\t\t\t\t\t\t<\/a>\n\t\t\t\t\t\t\t\t\t\t\t\t\t\t\t\t\t\t<\/div>\n\t\t\t\t<\/div>\n\t\t\t\t\t\t\t\t<h4>\n\t\t\t\t\t<a class='ngg-album-desc'\n\t\t\t\t\ttitle='Proj\u00ed\u017eka po \u017boliborzi' href='https:\/\/www.infopoint.cz\/polsko\/fotogalerie\/rok-2016\/nggallery\/2016\/Proj\u00ed\u017eka-po-\u017boliborzi'style=\"max-width: 111px\"\t\t\t\t\t>\n\t\t\t\t\t\tProj\u00ed\u017eka po \u017boliborzi\t\t\t\t\t<\/a>\n\t\t\t\t<\/h4>\n\t\t\t\t<p class=\"ngg-album-gallery-image-counter\">\n\t\t\t\t\t\t\t\t\t\t\t<strong>19<\/strong>&nbsp;Fotky\t\t\t\t\t\t\t\t\t<\/p>\n\t\t\t<\/div>\n\t\t\t\t\t<div class=\"ngg-album-compact\">\n\t\t\t\t<div class=\"ngg-album-compactbox\">\n\t\t\t\t\t<div class=\"ngg-album-link\">\n\t\t\t\t\t\t\t\t\t\t\t\t\t\t\t\t\t\t\t\t\t<a title='Slunce, d\u00e9\u0161\u0165 a jahody :)' href='https:\/\/www.infopoint.cz\/polsko\/fotogalerie\/rok-2016\/nggallery\/2016\/Slunce,-d\u00e9\u0161\u0165-a-jahody-:)'>\n\t\t\t\t\t\t\t\t\t<img class=\"Thumb\"\n\t\t\t\t\t\t\t\t\t\talt=\"Slunce, d\u00e9\u0161\u0165 a jahody :)\"\n\t\t\t\t\t\t\t\t\t\tsrc=\"https:\/\/www.infopoint.cz\/polsko\/wp-content\/uploads\/sites\/22\/nggallery\/slunce-dest-a-jahody\/cache\/m001.jpg-nggid03488-ngg0dyn-91x68-00f0w010c011r110f110r010t010.jpg\"\/>\n\t\t\t\t\t\t\t\t<\/a>\n\t\t\t\t\t\t\t\t\t\t\t\t\t\t\t\t\t\t<\/div>\n\t\t\t\t<\/div>\n\t\t\t\t\t\t\t\t<h4>\n\t\t\t\t\t<a class='ngg-album-desc'\n\t\t\t\t\ttitle='Slunce, d\u00e9\u0161\u0165 a jahody :)' href='https:\/\/www.infopoint.cz\/polsko\/fotogalerie\/rok-2016\/nggallery\/2016\/Slunce,-d\u00e9\u0161\u0165-a-jahody-:)'style=\"max-width: 111px\"\t\t\t\t\t>\n\t\t\t\t\t\tSlunce, d\u00e9\u0161\u0165 a jahody :)\t\t\t\t\t<\/a>\n\t\t\t\t<\/h4>\n\t\t\t\t<p class=\"ngg-album-gallery-image-counter\">\n\t\t\t\t\t\t\t\t\t\t\t<strong>27<\/strong>&nbsp;Fotky\t\t\t\t\t\t\t\t\t<\/p>\n\t\t\t<\/div>\n\t\t\t\t\t<div class=\"ngg-album-compact\">\n\t\t\t\t<div class=\"ngg-album-compactbox\">\n\t\t\t\t\t<div class=\"ngg-album-link\">\n\t\t\t\t\t\t\t\t\t\t\t\t\t\t\t\t\t\t\t\t\t<a title='Les Kabatsky na kolech' href='https:\/\/www.infopoint.cz\/polsko\/fotogalerie\/rok-2016\/nggallery\/2016\/Les-Kabatsky-na-kolech'>\n\t\t\t\t\t\t\t\t\t<img class=\"Thumb\"\n\t\t\t\t\t\t\t\t\t\talt=\"Les Kabatsky na kolech\"\n\t\t\t\t\t\t\t\t\t\tsrc=\"https:\/\/www.infopoint.cz\/polsko\/wp-content\/uploads\/sites\/22\/nggallery\/les-kabatsky-na-kolech\/cache\/m001.jpg-nggid03543-ngg0dyn-91x68-00f0w010c011r110f110r010t010.jpg\"\/>\n\t\t\t\t\t\t\t\t<\/a>\n\t\t\t\t\t\t\t\t\t\t\t\t\t\t\t\t\t\t<\/div>\n\t\t\t\t<\/div>\n\t\t\t\t\t\t\t\t<h4>\n\t\t\t\t\t<a class='ngg-album-desc'\n\t\t\t\t\ttitle='Les Kabatsky na kolech' href='https:\/\/www.infopoint.cz\/polsko\/fotogalerie\/rok-2016\/nggallery\/2016\/Les-Kabatsky-na-kolech'style=\"max-width: 111px\"\t\t\t\t\t>\n\t\t\t\t\t\tLes Kabatsky na kolech\t\t\t\t\t<\/a>\n\t\t\t\t<\/h4>\n\t\t\t\t<p class=\"ngg-album-gallery-image-counter\">\n\t\t\t\t\t\t\t\t\t\t\t<strong>2<\/strong>&nbsp;Fotky\t\t\t\t\t\t\t\t\t<\/p>\n\t\t\t<\/div>\n\t\t\t\t\t<div class=\"ngg-album-compact\">\n\t\t\t\t<div class=\"ngg-album-compactbox\">\n\t\t\t\t\t<div class=\"ngg-album-link\">\n\t\t\t\t\t\t\t\t\t\t\t\t\t\t\t\t\t\t\t\t\t<a title='Po vil\u00e1ch Konstancina' href='https:\/\/www.infopoint.cz\/polsko\/fotogalerie\/rok-2016\/nggallery\/2016\/Po-vil\u00e1ch-Konstancina'>\n\t\t\t\t\t\t\t\t\t<img class=\"Thumb\"\n\t\t\t\t\t\t\t\t\t\talt=\"Po vil\u00e1ch Konstancina\"\n\t\t\t\t\t\t\t\t\t\tsrc=\"https:\/\/www.infopoint.cz\/polsko\/wp-content\/uploads\/sites\/22\/nggallery\/po-vilach-konstancina\/cache\/m001.jpg-nggid03515-ngg0dyn-91x68-00f0w010c011r110f110r010t010.jpg\"\/>\n\t\t\t\t\t\t\t\t<\/a>\n\t\t\t\t\t\t\t\t\t\t\t\t\t\t\t\t\t\t<\/div>\n\t\t\t\t<\/div>\n\t\t\t\t\t\t\t\t<h4>\n\t\t\t\t\t<a class='ngg-album-desc'\n\t\t\t\t\ttitle='Po vil\u00e1ch Konstancina' href='https:\/\/www.infopoint.cz\/polsko\/fotogalerie\/rok-2016\/nggallery\/2016\/Po-vil\u00e1ch-Konstancina'style=\"max-width: 111px\"\t\t\t\t\t>\n\t\t\t\t\t\tPo vil\u00e1ch Konstancina\t\t\t\t\t<\/a>\n\t\t\t\t<\/h4>\n\t\t\t\t<p class=\"ngg-album-gallery-image-counter\">\n\t\t\t\t\t\t\t\t\t\t\t<strong>28<\/strong>&nbsp;Fotky\t\t\t\t\t\t\t\t\t<\/p>\n\t\t\t<\/div>\n\t\t\t\t\t<div class=\"ngg-album-compact\">\n\t\t\t\t<div class=\"ngg-album-compactbox\">\n\t\t\t\t\t<div class=\"ngg-album-link\">\n\t\t\t\t\t\t\t\t\t\t\t\t\t\t\t\t\t\t\t\t\t<a title='Muzeum Polin' href='https:\/\/www.infopoint.cz\/polsko\/fotogalerie\/rok-2016\/nggallery\/2016\/Muzeum-Polin'>\n\t\t\t\t\t\t\t\t\t<img class=\"Thumb\"\n\t\t\t\t\t\t\t\t\t\talt=\"Muzeum Polin\"\n\t\t\t\t\t\t\t\t\t\tsrc=\"https:\/\/www.infopoint.cz\/polsko\/wp-content\/uploads\/sites\/22\/nggallery\/muzeum-polin\/cache\/m001.jpg-nggid03545-ngg0dyn-91x68-00f0w010c011r110f110r010t010.jpg\"\/>\n\t\t\t\t\t\t\t\t<\/a>\n\t\t\t\t\t\t\t\t\t\t\t\t\t\t\t\t\t\t<\/div>\n\t\t\t\t<\/div>\n\t\t\t\t\t\t\t\t<h4>\n\t\t\t\t\t<a class='ngg-album-desc'\n\t\t\t\t\ttitle='Muzeum Polin' href='https:\/\/www.infopoint.cz\/polsko\/fotogalerie\/rok-2016\/nggallery\/2016\/Muzeum-Polin'style=\"max-width: 111px\"\t\t\t\t\t>\n\t\t\t\t\t\tMuzeum Polin\t\t\t\t\t<\/a>\n\t\t\t\t<\/h4>\n\t\t\t\t<p class=\"ngg-album-gallery-image-counter\">\n\t\t\t\t\t\t\t\t\t\t\t<strong>13<\/strong>&nbsp;Fotky\t\t\t\t\t\t\t\t\t<\/p>\n\t\t\t<\/div>\n\t\t\t\t\t<div class=\"ngg-album-compact\">\n\t\t\t\t<div class=\"ngg-album-compactbox\">\n\t\t\t\t\t<div class=\"ngg-album-link\">\n\t\t\t\t\t\t\t\t\t\t\t\t\t\t\t\t\t\t\t\t\t<a title='Hala Koszyki' href='https:\/\/www.infopoint.cz\/polsko\/fotogalerie\/rok-2016\/nggallery\/2016\/Hala-Koszyki'>\n\t\t\t\t\t\t\t\t\t<img class=\"Thumb\"\n\t\t\t\t\t\t\t\t\t\talt=\"Hala Koszyki\"\n\t\t\t\t\t\t\t\t\t\tsrc=\"https:\/\/www.infopoint.cz\/polsko\/wp-content\/uploads\/sites\/22\/nggallery\/hala-koszyki\/cache\/m001.jpg-nggid03560-ngg0dyn-91x68-00f0w010c011r110f110r010t010.jpg\"\/>\n\t\t\t\t\t\t\t\t<\/a>\n\t\t\t\t\t\t\t\t\t\t\t\t\t\t\t\t\t\t<\/div>\n\t\t\t\t<\/div>\n\t\t\t\t\t\t\t\t<h4>\n\t\t\t\t\t<a class='ngg-album-desc'\n\t\t\t\t\ttitle='Hala Koszyki' href='https:\/\/www.infopoint.cz\/polsko\/fotogalerie\/rok-2016\/nggallery\/2016\/Hala-Koszyki'style=\"max-width: 111px\"\t\t\t\t\t>\n\t\t\t\t\t\tHala Koszyki\t\t\t\t\t<\/a>\n\t\t\t\t<\/h4>\n\t\t\t\t<p class=\"ngg-album-gallery-image-counter\">\n\t\t\t\t\t\t\t\t\t\t\t<strong>25<\/strong>&nbsp;Fotky\t\t\t\t\t\t\t\t\t<\/p>\n\t\t\t<\/div>\n\t\t\t\t\t<div class=\"ngg-album-compact\">\n\t\t\t\t<div class=\"ngg-album-compactbox\">\n\t\t\t\t\t<div class=\"ngg-album-link\">\n\t\t\t\t\t\t\t\t\t\t\t\t\t\t\t\t\t\t\t\t\t<a title='Kopiec Powstania Warszawskiego' href='https:\/\/www.infopoint.cz\/polsko\/fotogalerie\/rok-2016\/nggallery\/2016\/Kopiec-Powstania-Warszawskiego'>\n\t\t\t\t\t\t\t\t\t<img class=\"Thumb\"\n\t\t\t\t\t\t\t\t\t\talt=\"Kopiec Powstania Warszawskiego\"\n\t\t\t\t\t\t\t\t\t\tsrc=\"https:\/\/www.infopoint.cz\/polsko\/wp-content\/uploads\/sites\/22\/nggallery\/kopiec-powstania-warszawskiego\/cache\/m1501.jpg-nggid03586-ngg0dyn-91x68-00f0w010c011r110f110r010t010.jpg\"\/>\n\t\t\t\t\t\t\t\t<\/a>\n\t\t\t\t\t\t\t\t\t\t\t\t\t\t\t\t\t\t<\/div>\n\t\t\t\t<\/div>\n\t\t\t\t\t\t\t\t<h4>\n\t\t\t\t\t<a class='ngg-album-desc'\n\t\t\t\t\ttitle='Kopiec Powstania Warszawskiego' href='https:\/\/www.infopoint.cz\/polsko\/fotogalerie\/rok-2016\/nggallery\/2016\/Kopiec-Powstania-Warszawskiego'style=\"max-width: 111px\"\t\t\t\t\t>\n\t\t\t\t\t\tKopiec Powstania Warszawskiego\t\t\t\t\t<\/a>\n\t\t\t\t<\/h4>\n\t\t\t\t<p class=\"ngg-album-gallery-image-counter\">\n\t\t\t\t\t\t\t\t\t\t\t<strong>18<\/strong>&nbsp;Fotky\t\t\t\t\t\t\t\t\t<\/p>\n\t\t\t<\/div>\n\t\t\t\t\t<div class=\"ngg-album-compact\">\n\t\t\t\t<div class=\"ngg-album-compactbox\">\n\t\t\t\t\t<div class=\"ngg-album-link\">\n\t\t\t\t\t\t\t\t\t\t\t\t\t\t\t\t\t\t\t\t\t<a title='MUZEA WARSZAWSKIEJ PRAGI' href='https:\/\/www.infopoint.cz\/polsko\/fotogalerie\/rok-2016\/nggallery\/2016\/MUZEA-WARSZAWSKIEJ-PRAGI'>\n\t\t\t\t\t\t\t\t\t<img class=\"Thumb\"\n\t\t\t\t\t\t\t\t\t\talt=\"MUZEA WARSZAWSKIEJ PRAGI\"\n\t\t\t\t\t\t\t\t\t\tsrc=\"https:\/\/www.infopoint.cz\/polsko\/wp-content\/uploads\/sites\/22\/nggallery\/muzea-warszawskiej-pragi\/cache\/m12.jpg-nggid03604-ngg0dyn-91x68-00f0w010c011r110f110r010t010.jpg\"\/>\n\t\t\t\t\t\t\t\t<\/a>\n\t\t\t\t\t\t\t\t\t\t\t\t\t\t\t\t\t\t<\/div>\n\t\t\t\t<\/div>\n\t\t\t\t\t\t\t\t<h4>\n\t\t\t\t\t<a class='ngg-album-desc'\n\t\t\t\t\ttitle='MUZEA WARSZAWSKIEJ PRAGI' href='https:\/\/www.infopoint.cz\/polsko\/fotogalerie\/rok-2016\/nggallery\/2016\/MUZEA-WARSZAWSKIEJ-PRAGI'style=\"max-width: 111px\"\t\t\t\t\t>\n\t\t\t\t\t\tMUZEA WARSZAWSKIEJ PRAGI\t\t\t\t\t<\/a>\n\t\t\t\t<\/h4>\n\t\t\t\t<p class=\"ngg-album-gallery-image-counter\">\n\t\t\t\t\t\t\t\t\t\t\t<strong>15<\/strong>&nbsp;Fotky\t\t\t\t\t\t\t\t\t<\/p>\n\t\t\t<\/div>\n\t\t\t\t\t<div class=\"ngg-album-compact\">\n\t\t\t\t<div class=\"ngg-album-compactbox\">\n\t\t\t\t\t<div class=\"ngg-album-link\">\n\t\t\t\t\t\t\t\t\t\t\t\t\t\t\t\t\t\t\t\t\t<a title='Eloktoralnou k Domu Kereta' href='https:\/\/www.infopoint.cz\/polsko\/fotogalerie\/rok-2016\/nggallery\/2016\/Eloktoralnou-k-Domu-Kereta'>\n\t\t\t\t\t\t\t\t\t<img class=\"Thumb\"\n\t\t\t\t\t\t\t\t\t\talt=\"Eloktoralnou k Domu Kereta\"\n\t\t\t\t\t\t\t\t\t\tsrc=\"https:\/\/www.infopoint.cz\/polsko\/wp-content\/uploads\/sites\/22\/nggallery\/eloktoralnou-k-domu-kereta\/cache\/mu05.jpg-nggid03619-ngg0dyn-91x68-00f0w010c011r110f110r010t010.jpg\"\/>\n\t\t\t\t\t\t\t\t<\/a>\n\t\t\t\t\t\t\t\t\t\t\t\t\t\t\t\t\t\t<\/div>\n\t\t\t\t<\/div>\n\t\t\t\t\t\t\t\t<h4>\n\t\t\t\t\t<a class='ngg-album-desc'\n\t\t\t\t\ttitle='Eloktoralnou k Domu Kereta' href='https:\/\/www.infopoint.cz\/polsko\/fotogalerie\/rok-2016\/nggallery\/2016\/Eloktoralnou-k-Domu-Kereta'style=\"max-width: 111px\"\t\t\t\t\t>\n\t\t\t\t\t\tEloktoralnou k Domu Kereta\t\t\t\t\t<\/a>\n\t\t\t\t<\/h4>\n\t\t\t\t<p class=\"ngg-album-gallery-image-counter\">\n\t\t\t\t\t\t\t\t\t\t\t<strong>24<\/strong>&nbsp;Fotky\t\t\t\t\t\t\t\t\t<\/p>\n\t\t\t<\/div>\n\t\t\t\t\t<div class=\"ngg-album-compact\">\n\t\t\t\t<div class=\"ngg-album-compactbox\">\n\t\t\t\t\t<div class=\"ngg-album-link\">\n\t\t\t\t\t\t\t\t\t\t\t\t\t\t\t\t\t\t\t\t\t<a title='Solec a c\u00edsa\u0159\u0161t\u00ed \u00fa\u0159edn\u00edci' href='https:\/\/www.infopoint.cz\/polsko\/fotogalerie\/rok-2016\/nggallery\/2016\/Solec-a-c\u00edsa\u0159\u0161t\u00ed-\u00fa\u0159edn\u00edci'>\n\t\t\t\t\t\t\t\t\t<img class=\"Thumb\"\n\t\t\t\t\t\t\t\t\t\talt=\"Solec a c\u00edsa\u0159\u0161t\u00ed \u00fa\u0159edn\u00edci\"\n\t\t\t\t\t\t\t\t\t\tsrc=\"https:\/\/www.infopoint.cz\/polsko\/wp-content\/uploads\/sites\/22\/nggallery\/solec-a-cisarsti-urednici\/cache\/m01.jpg-nggid03643-ngg0dyn-91x68-00f0w010c011r110f110r010t010.jpg\"\/>\n\t\t\t\t\t\t\t\t<\/a>\n\t\t\t\t\t\t\t\t\t\t\t\t\t\t\t\t\t\t<\/div>\n\t\t\t\t<\/div>\n\t\t\t\t\t\t\t\t<h4>\n\t\t\t\t\t<a class='ngg-album-desc'\n\t\t\t\t\ttitle='Solec a c\u00edsa\u0159\u0161t\u00ed \u00fa\u0159edn\u00edci' href='https:\/\/www.infopoint.cz\/polsko\/fotogalerie\/rok-2016\/nggallery\/2016\/Solec-a-c\u00edsa\u0159\u0161t\u00ed-\u00fa\u0159edn\u00edci'style=\"max-width: 111px\"\t\t\t\t\t>\n\t\t\t\t\t\tSolec a c\u00edsa\u0159\u0161t\u00ed \u00fa\u0159edn\u00edci\t\t\t\t\t<\/a>\n\t\t\t\t<\/h4>\n\t\t\t\t<p class=\"ngg-album-gallery-image-counter\">\n\t\t\t\t\t\t\t\t\t\t\t<strong>23<\/strong>&nbsp;Fotky\t\t\t\t\t\t\t\t\t<\/p>\n\t\t\t<\/div>\n\t\t\t\t<br class=\"ngg-clear\"\/>\n\t\t<div class='ngg-clear'><\/div>\t<\/div>\n<\/p>\n","protected":false},"excerpt":{"rendered":"<p>R\u00fd\u017eov\u00e9 terasy v \u010c\u00edn\u011b a v\u00fdstava Po\u010d\u00e1tky 39&nbsp;Fotky Pozn\u00e1vac\u00ed proch\u00e1zka a do Zachety 19&nbsp;Fotky Fotografie a v\u010dely 18&nbsp;Fotky Centra Sztuki Wspo\u0142 33&nbsp;Fotky Laponsko a Lubo\u0161 Drtina 22&nbsp;Fotky Na nowo i Dziurka od Klucza 11&nbsp;Fotky Jarn\u00ed proj\u00ed\u017eka a Muzeum modern\u00edho um\u011bn\u00ed 17&nbsp;Fotky Z\u00e1mek a park Wilanow 21&nbsp;Fotky Park \u0141azienki Kr\u00f3lewskie a Angelika Markul 24&nbsp;Fotky Muzeum plynu [&hellip;]<\/p>\n","protected":false},"author":1,"featured_media":0,"parent":1148,"menu_order":1,"comment_status":"closed","ping_status":"closed","template":"","meta":{"ngg_post_thumbnail":0,"footnotes":""},"class_list":["post-1116","page","type-page","status-publish","hentry"],"_links":{"self":[{"href":"https:\/\/www.infopoint.cz\/polsko\/wp-json\/wp\/v2\/pages\/1116","targetHints":{"allow":["GET"]}}],"collection":[{"href":"https:\/\/www.infopoint.cz\/polsko\/wp-json\/wp\/v2\/pages"}],"about":[{"href":"https:\/\/www.infopoint.cz\/polsko\/wp-json\/wp\/v2\/types\/page"}],"author":[{"embeddable":true,"href":"https:\/\/www.infopoint.cz\/polsko\/wp-json\/wp\/v2\/users\/1"}],"replies":[{"embeddable":true,"href":"https:\/\/www.infopoint.cz\/polsko\/wp-json\/wp\/v2\/comments?post=1116"}],"version-history":[{"count":1,"href":"https:\/\/www.infopoint.cz\/polsko\/wp-json\/wp\/v2\/pages\/1116\/revisions"}],"predecessor-version":[{"id":1118,"href":"https:\/\/www.infopoint.cz\/polsko\/wp-json\/wp\/v2\/pages\/1116\/revisions\/1118"}],"up":[{"embeddable":true,"href":"https:\/\/www.infopoint.cz\/polsko\/wp-json\/wp\/v2\/pages\/1148"}],"wp:attachment":[{"href":"https:\/\/www.infopoint.cz\/polsko\/wp-json\/wp\/v2\/media?parent=1116"}],"curies":[{"name":"wp","href":"https:\/\/api.w.org\/{rel}","templated":true}]}}